{"id":14540,"date":"2026-03-12T17:28:46","date_gmt":"2026-03-12T15:28:46","guid":{"rendered":"https:\/\/hub.ortopedie.md\/shop\/verticalizator-paramobil\/"},"modified":"2026-03-12T17:28:46","modified_gmt":"2026-03-12T15:28:46","slug":"verticalizator-paramobil","status":"publish","type":"product","link":"https:\/\/hub.ortopedie.md\/en\/shop\/verticalizator-paramobil\/","title":{"rendered":"Verticalizator PARAMOBIL"},"content":{"rendered":"<p>Proiectan\u021bii au reu\u0219it s\u0103 combine \u00eentr-un singur dispozitiv cele mai importante dou\u0103 func\u021bii \u00een reabilitarea pacientului &#8211; static \u0219i dinamic. Func\u021bia static\u0103 asigur\u0103 verticalizarea pasiv\u0103 \u00een etapele ini\u021biale ale reabilit\u0103rii. Datorit\u0103 posibilit\u0103\u021bilor largi ajustare, se va ob\u021bine un dispozitiv care stabilizeaz\u0103 foarte bine pacientul. O alt\u0103 func\u021bie &#8211; dinamic\u0103 &#8211; v\u0103 permite s\u0103 c\u00e2\u0219tiga\u021bi abilit\u0103\u021bi pierdute sau noi. Un bun plus la terapia complex\u0103 vor fi exerci\u021biile cu un rotor instalat \u00een acest dispozitiv. Instalarea rotorului permite pacientului \u00een primele etape ale reabilit\u0103rii s\u0103 efectueze exerci\u021bii for membrele inferioare pe cont propriu sau cu ajutorul altcuiva.<\/p>\n<h2>INDICATII<\/h2>\n<p><strong>Recomandat copiilor, adolescen\u021bilor \u0219i adul\u021bilor cu un diagnostic de:<\/strong><\/p>\n<ul>\n<li>Parazita cerebrala &#8211; diverse forme.<\/li>\n<li>Spina bifida.<\/li>\n<li>Deteriorarea creierului \u0219i m\u0103duvei spin\u0103rii &#8211; a diverselor etiologii.<\/li>\n<li>Boli demielinizante (scleroz\u0103 multipl\u0103, scleroz\u0103 lateral\u0103 amiotrofic\u0103 etc.).<br \/>\nboli musculare care apar cu parez\u0103 \u0219i paralizie.<\/li>\n<li>Sindroame genetice care apar cu pareza membrelor.<\/li>\n<li>Alte boli \u00eenso\u021bite parez\u0103, paralizie, afectarea sistemului musculo-scheletic.<\/li>\n<li>Dup\u0103 o leziune craniocerebral\u0103, leziunea coloanei vertebrale cu leziuni ale m\u0103duvei spin\u0103rii \u0219i extremit\u0103\u021bilor inferioare.<\/li>\n<\/ul>\n<p><img decoding=\"async\" class=\"alignnone size-full wp-image-6856\" src=\"https:\/\/hub.ortopedie.md\/wp-content\/uploads\/2020\/04\/piktogramy_w930_paramobil.jpg\" alt=\"\" width=\"930\" height=\"432\" srcset=\"https:\/\/hub.ortopedie.md\/wp-content\/uploads\/2020\/04\/piktogramy_w930_paramobil-200x93.jpg 200w, https:\/\/hub.ortopedie.md\/wp-content\/uploads\/2020\/04\/piktogramy_w930_paramobil-300x139.jpg 300w, https:\/\/hub.ortopedie.md\/wp-content\/uploads\/2020\/04\/piktogramy_w930_paramobil-400x186.jpg 400w, https:\/\/hub.ortopedie.md\/wp-content\/uploads\/2020\/04\/piktogramy_w930_paramobil-500x232.jpg 500w, https:\/\/hub.ortopedie.md\/wp-content\/uploads\/2020\/04\/piktogramy_w930_paramobil-600x279.jpg 600w, https:\/\/hub.ortopedie.md\/wp-content\/uploads\/2020\/04\/piktogramy_w930_paramobil-700x325.jpg 700w, https:\/\/hub.ortopedie.md\/wp-content\/uploads\/2020\/04\/piktogramy_w930_paramobil-768x357.jpg 768w, https:\/\/hub.ortopedie.md\/wp-content\/uploads\/2020\/04\/piktogramy_w930_paramobil-800x372.jpg 800w, https:\/\/hub.ortopedie.md\/wp-content\/uploads\/2020\/04\/piktogramy_w930_paramobil.jpg 930w\" sizes=\"(max-width: 930px) 100vw, 930px\" \/><\/p>\n<table>\n<tbody>\n<tr>\n<th>Simbol<\/th>\n<th>Masura<\/th>\n<th>Un.<\/th>\n<th>Dim. 0<\/th>\n<th>Dim. 1<\/th>\n<th>Dim. 2<\/th>\n<th>Dim. 3<\/th>\n<\/tr>\n<tr>\n<td><strong>W<\/strong><\/td>\n<td>\u00cen\u0103l\u021bimea aproximativ\u0103 a pacientului *<\/td>\n<td><strong>[cm]<\/strong><\/td>\n<td><strong>90 \u2014 150<\/strong><\/td>\n<td><strong>110 \u2014 170<\/strong><\/td>\n<td><strong>130 \u2014 190<\/strong><\/td>\n<td><strong>130 \u2014 200<\/strong><\/td>\n<\/tr>\n<tr>\n<td><strong>A<\/strong><\/td>\n<td>L\u0103\u021bimea pelot\u0103 femural<\/td>\n<td><strong>[cm]<\/strong><\/td>\n<td><strong>25<\/strong><\/td>\n<td><strong>31<\/strong><\/td>\n<td><strong>37<\/strong><\/td>\n<td><strong>42<\/strong><\/td>\n<\/tr>\n<tr>\n<td><strong>A<sub>1<\/sub><\/strong><\/td>\n<td>L\u0103\u021bimea pieptului<\/td>\n<td><strong>[cm]<\/strong><\/td>\n<td><strong>23<\/strong><\/td>\n<td><strong>30<\/strong><\/td>\n<td><strong>35<\/strong><\/td>\n<td><strong>40<\/strong><\/td>\n<\/tr>\n<tr>\n<td><strong>C<\/strong><\/td>\n<td>\u00cen\u0103l\u021bimea femural\u0103<\/td>\n<td><strong>[cm]<\/strong><\/td>\n<td><strong>63 \u2014 90<\/strong><\/td>\n<td><strong>77 \u2014 114<\/strong><\/td>\n<td><strong>86 \u2014 122<\/strong><\/td>\n<td><strong>91 \u2014 128<\/strong><\/td>\n<\/tr>\n<tr>\n<td><strong>C<sub>1<\/sub><\/strong><\/td>\n<td>\u00cen\u0103l\u021bimea pieptului<\/td>\n<td><strong>[cm]<\/strong><\/td>\n<td><strong>75 \u2014 112<\/strong><\/td>\n<td><strong>94 \u2014 131<\/strong><\/td>\n<td><strong>103 \u2014 147<\/strong><\/td>\n<td><strong>107 \u2014 159<\/strong><\/td>\n<\/tr>\n<tr>\n<td>B<\/td>\n<td>Ad\u00e2ncimea pelot\u0103 femural<\/td>\n<td>[cm]<\/td>\n<td>15 \u2014 24<\/td>\n<td>15 \u2014 28<\/td>\n<td>19 \u2014 31<\/td>\n<td>22 \u2014 34<\/td>\n<\/tr>\n<tr>\n<td>B<sub>1<\/sub><\/td>\n<td>Ad\u00e2ncimea Pelota piept<\/td>\n<td>[cm]<\/td>\n<td>15 \u2014 24<\/td>\n<td>22 \u2014 34<\/td>\n<td>24\u00a0\u2014 36<\/td>\n<td>27 \u2014 38<\/td>\n<\/tr>\n<tr>\n<td>G<\/td>\n<td>Distan\u021ba dintre pelot\u0103 genunchiului<\/td>\n<td>[cm]<\/td>\n<td>17 \u2014 29<\/td>\n<td>17 \u2014 29<\/td>\n<td>17 \u2014 29<\/td>\n<td>23 \u2014 35<\/td>\n<\/tr>\n<tr>\n<td>H<\/td>\n<td>\u00cen\u0103l\u021bimea genunchiului<\/td>\n<td>[cm]<\/td>\n<td>25 \u2014 55<\/td>\n<td>32 \u2014 60<\/td>\n<td>34 \u2014 70<\/td>\n<td>39 \u2014 79<\/td>\n<\/tr>\n<tr>\n<td><\/td>\n<td>Lungimea foot<\/td>\n<td>[cm]<\/td>\n<td>19<\/td>\n<td>28<\/td>\n<td>28<\/td>\n<td>31<\/td>\n<\/tr>\n<tr>\n<td><\/td>\n<td>Max. greutatea utilizatorului<\/td>\n<td>[kg]<\/td>\n<td>40<\/td>\n<td>60<\/td>\n<td>90<\/td>\n<td>120<\/td>\n<\/tr>\n<\/tbody>\n<\/table>\n","protected":false},"excerpt":{"rendered":"<p>Proiectan\u021bii au reu\u0219it s\u0103 combine \u00eentr-un singur dispozitiv cele mai  [&#8230;]<\/p>\n","protected":false},"featured_media":6858,"template":"","meta":[],"pwb-brand":[272],"product_brand":[],"product_cat":[891,892],"product_tag":[],"class_list":{"0":"post-14540","1":"product","2":"type-product","3":"status-publish","4":"has-post-thumbnail","6":"pwb-brand-akces-med","7":"product_cat-dispozitive-de-mers-si-verticalizare-2","8":"product_cat-verticalizatoare-dispozitive-de-mers-si-verticalizare-2","10":"first","11":"instock","12":"shipping-taxable","13":"purchasable","14":"product-type-simple"},"yoast_head":"<!-- This site is optimized with the Yoast SEO Premium plugin v18.3 (Yoast SEO v27.5) - https:\/\/yoast.com\/product\/yoast-seo-premium-wordpress\/ -->\n<title>Verticalizator PARAMOBIL - HUB Ortopedie<\/title>\n<meta name=\"robots\" content=\"index, follow, max-snippet:-1, max-image-preview:large, max-video-preview:-1\" \/>\n<link rel=\"canonical\" href=\"https:\/\/hub.ortopedie.md\/en\/shop\/verticalizator-paramobil\/\" \/>\n<meta property=\"og:locale\" content=\"en_US\" \/>\n<meta property=\"og:type\" content=\"article\" \/>\n<meta property=\"og:title\" content=\"Verticalizator PARAMOBIL\" \/>\n<meta property=\"og:description\" content=\"Proiectan\u021bii au reu\u0219it s\u0103 combine \u00eentr-un singur dispozitiv cele mai [...]\" \/>\n<meta property=\"og:url\" content=\"https:\/\/hub.ortopedie.md\/en\/shop\/verticalizator-paramobil\/\" \/>\n<meta property=\"og:site_name\" content=\"Hub Ortopedie - Magazin ortopedic. \u041e\u0440\u0442\u043e\u043f\u0435\u0434\u0438\u0447\u0435\u0441\u043a\u0438\u0439 \u043c\u0430\u0433\u0430\u0437\u0438\u043d\" \/>\n<meta property=\"article:publisher\" content=\"https:\/\/www.facebook.com\/ORTOPEDIE.MD\/\" \/>\n<meta property=\"og:image\" content=\"https:\/\/hub.ortopedie.md\/wp-content\/uploads\/2020\/04\/PM_glowne-380x380-1.jpg\" \/>\n\t<meta property=\"og:image:width\" content=\"600\" \/>\n\t<meta property=\"og:image:height\" content=\"600\" \/>\n\t<meta property=\"og:image:type\" content=\"image\/jpeg\" \/>\n<meta name=\"twitter:label1\" content=\"Price\" \/>\n\t<meta name=\"twitter:data1\" content=\"84,000.00&nbsp;MDL\" \/>\n\t<meta name=\"twitter:label2\" content=\"Availability\" \/>\n\t<meta name=\"twitter:data2\" content=\"In stock\" \/>\n<script type=\"application\/ld+json\" class=\"yoast-schema-graph\">{\"@context\":\"https:\\\/\\\/schema.org\",\"@graph\":[{\"@type\":\"WebPage\",\"@id\":\"https:\\\/\\\/hub.ortopedie.md\\\/en\\\/shop\\\/verticalizator-paramobil\\\/\",\"url\":\"https:\\\/\\\/hub.ortopedie.md\\\/en\\\/shop\\\/verticalizator-paramobil\\\/\",\"name\":\"Verticalizator PARAMOBIL - HUB Ortopedie\",\"isPartOf\":{\"@id\":\"https:\\\/\\\/hub.ortopedie.md\\\/#website\"},\"primaryImageOfPage\":{\"@id\":\"https:\\\/\\\/hub.ortopedie.md\\\/en\\\/shop\\\/verticalizator-paramobil\\\/#primaryimage\"},\"image\":{\"@id\":\"https:\\\/\\\/hub.ortopedie.md\\\/en\\\/shop\\\/verticalizator-paramobil\\\/#primaryimage\"},\"thumbnailUrl\":\"https:\\\/\\\/hub.ortopedie.md\\\/wp-content\\\/uploads\\\/2020\\\/04\\\/PM_glowne-380x380-1.jpg\",\"datePublished\":\"2026-03-12T15:28:46+00:00\",\"breadcrumb\":{\"@id\":\"https:\\\/\\\/hub.ortopedie.md\\\/en\\\/shop\\\/verticalizator-paramobil\\\/#breadcrumb\"},\"inLanguage\":\"en-US\",\"potentialAction\":[{\"@type\":\"ReadAction\",\"target\":[\"https:\\\/\\\/hub.ortopedie.md\\\/en\\\/shop\\\/verticalizator-paramobil\\\/\"]}]},{\"@type\":\"ImageObject\",\"inLanguage\":\"en-US\",\"@id\":\"https:\\\/\\\/hub.ortopedie.md\\\/en\\\/shop\\\/verticalizator-paramobil\\\/#primaryimage\",\"url\":\"https:\\\/\\\/hub.ortopedie.md\\\/wp-content\\\/uploads\\\/2020\\\/04\\\/PM_glowne-380x380-1.jpg\",\"contentUrl\":\"https:\\\/\\\/hub.ortopedie.md\\\/wp-content\\\/uploads\\\/2020\\\/04\\\/PM_glowne-380x380-1.jpg\",\"width\":600,\"height\":600},{\"@type\":\"BreadcrumbList\",\"@id\":\"https:\\\/\\\/hub.ortopedie.md\\\/en\\\/shop\\\/verticalizator-paramobil\\\/#breadcrumb\",\"itemListElement\":[{\"@type\":\"ListItem\",\"position\":1,\"name\":\"Prima pagin\u0103\",\"item\":\"https:\\\/\\\/hub.ortopedie.md\\\/en\\\/\"},{\"@type\":\"ListItem\",\"position\":2,\"name\":\"Produse\",\"item\":\"https:\\\/\\\/hub.ortopedie.md\\\/shop\\\/\"},{\"@type\":\"ListItem\",\"position\":3,\"name\":\"Verticalizator PARAMOBIL\"}]},{\"@type\":\"WebSite\",\"@id\":\"https:\\\/\\\/hub.ortopedie.md\\\/#website\",\"url\":\"https:\\\/\\\/hub.ortopedie.md\\\/\",\"name\":\"Hub Ortopedie - Magazin ortopedic. \u041e\u0440\u0442\u043e\u043f\u0435\u0434\u0438\u0447\u0435\u0441\u043a\u0438\u0439 \u043c\u0430\u0433\u0430\u0437\u0438\u043d\",\"description\":\"S\u0103n\u0103tate, confort, calitate\",\"publisher\":{\"@id\":\"https:\\\/\\\/hub.ortopedie.md\\\/#organization\"},\"potentialAction\":[{\"@type\":\"SearchAction\",\"target\":{\"@type\":\"EntryPoint\",\"urlTemplate\":\"https:\\\/\\\/hub.ortopedie.md\\\/?s={search_term_string}\"},\"query-input\":{\"@type\":\"PropertyValueSpecification\",\"valueRequired\":true,\"valueName\":\"search_term_string\"}}],\"inLanguage\":\"en-US\"},{\"@type\":\"Organization\",\"@id\":\"https:\\\/\\\/hub.ortopedie.md\\\/#organization\",\"name\":\"HUB ORTOPEDIE\",\"url\":\"https:\\\/\\\/hub.ortopedie.md\\\/\",\"logo\":{\"@type\":\"ImageObject\",\"inLanguage\":\"en-US\",\"@id\":\"https:\\\/\\\/hub.ortopedie.md\\\/#\\\/schema\\\/logo\\\/image\\\/\",\"url\":\"https:\\\/\\\/hub.ortopedie.md\\\/wp-content\\\/uploads\\\/2018\\\/01\\\/hub-logo.png\",\"contentUrl\":\"https:\\\/\\\/hub.ortopedie.md\\\/wp-content\\\/uploads\\\/2018\\\/01\\\/hub-logo.png\",\"width\":124,\"height\":90,\"caption\":\"HUB ORTOPEDIE\"},\"image\":{\"@id\":\"https:\\\/\\\/hub.ortopedie.md\\\/#\\\/schema\\\/logo\\\/image\\\/\"},\"sameAs\":[\"https:\\\/\\\/www.facebook.com\\\/ORTOPEDIE.MD\\\/\",\"https:\\\/\\\/www.instagram.com\\\/hub_ortopedie\\\/\"]}]}<\/script>\n<meta property=\"product:price:amount\" content=\"84000.00\" \/>\n<meta property=\"product:price:currency\" content=\"MDL\" \/>\n<meta property=\"og:availability\" content=\"instock\" \/>\n<meta property=\"product:availability\" content=\"instock\" \/>\n<meta property=\"product:condition\" content=\"new\" \/>\n<!-- \/ Yoast SEO Premium plugin. -->","yoast_head_json":{"title":"Verticalizator PARAMOBIL - HUB Ortopedie","robots":{"index":"index","follow":"follow","max-snippet":"max-snippet:-1","max-image-preview":"max-image-preview:large","max-video-preview":"max-video-preview:-1"},"canonical":"https:\/\/hub.ortopedie.md\/en\/shop\/verticalizator-paramobil\/","og_locale":"en_US","og_type":"article","og_title":"Verticalizator PARAMOBIL","og_description":"Proiectan\u021bii au reu\u0219it s\u0103 combine \u00eentr-un singur dispozitiv cele mai [...]","og_url":"https:\/\/hub.ortopedie.md\/en\/shop\/verticalizator-paramobil\/","og_site_name":"Hub Ortopedie - Magazin ortopedic. \u041e\u0440\u0442\u043e\u043f\u0435\u0434\u0438\u0447\u0435\u0441\u043a\u0438\u0439 \u043c\u0430\u0433\u0430\u0437\u0438\u043d","article_publisher":"https:\/\/www.facebook.com\/ORTOPEDIE.MD\/","og_image":[{"width":600,"height":600,"url":"https:\/\/hub.ortopedie.md\/wp-content\/uploads\/2020\/04\/PM_glowne-380x380-1.jpg","type":"image\/jpeg"}],"twitter_misc":{"Price":"84,000.00&nbsp;MDL","Availability":"In stock"},"schema":{"@context":"https:\/\/schema.org","@graph":[{"@type":"WebPage","@id":"https:\/\/hub.ortopedie.md\/en\/shop\/verticalizator-paramobil\/","url":"https:\/\/hub.ortopedie.md\/en\/shop\/verticalizator-paramobil\/","name":"Verticalizator PARAMOBIL - HUB Ortopedie","isPartOf":{"@id":"https:\/\/hub.ortopedie.md\/#website"},"primaryImageOfPage":{"@id":"https:\/\/hub.ortopedie.md\/en\/shop\/verticalizator-paramobil\/#primaryimage"},"image":{"@id":"https:\/\/hub.ortopedie.md\/en\/shop\/verticalizator-paramobil\/#primaryimage"},"thumbnailUrl":"https:\/\/hub.ortopedie.md\/wp-content\/uploads\/2020\/04\/PM_glowne-380x380-1.jpg","datePublished":"2026-03-12T15:28:46+00:00","breadcrumb":{"@id":"https:\/\/hub.ortopedie.md\/en\/shop\/verticalizator-paramobil\/#breadcrumb"},"inLanguage":"en-US","potentialAction":[{"@type":"ReadAction","target":["https:\/\/hub.ortopedie.md\/en\/shop\/verticalizator-paramobil\/"]}]},{"@type":"ImageObject","inLanguage":"en-US","@id":"https:\/\/hub.ortopedie.md\/en\/shop\/verticalizator-paramobil\/#primaryimage","url":"https:\/\/hub.ortopedie.md\/wp-content\/uploads\/2020\/04\/PM_glowne-380x380-1.jpg","contentUrl":"https:\/\/hub.ortopedie.md\/wp-content\/uploads\/2020\/04\/PM_glowne-380x380-1.jpg","width":600,"height":600},{"@type":"BreadcrumbList","@id":"https:\/\/hub.ortopedie.md\/en\/shop\/verticalizator-paramobil\/#breadcrumb","itemListElement":[{"@type":"ListItem","position":1,"name":"Prima pagin\u0103","item":"https:\/\/hub.ortopedie.md\/en\/"},{"@type":"ListItem","position":2,"name":"Produse","item":"https:\/\/hub.ortopedie.md\/shop\/"},{"@type":"ListItem","position":3,"name":"Verticalizator PARAMOBIL"}]},{"@type":"WebSite","@id":"https:\/\/hub.ortopedie.md\/#website","url":"https:\/\/hub.ortopedie.md\/","name":"Hub Ortopedie - Magazin ortopedic. \u041e\u0440\u0442\u043e\u043f\u0435\u0434\u0438\u0447\u0435\u0441\u043a\u0438\u0439 \u043c\u0430\u0433\u0430\u0437\u0438\u043d","description":"S\u0103n\u0103tate, confort, calitate","publisher":{"@id":"https:\/\/hub.ortopedie.md\/#organization"},"potentialAction":[{"@type":"SearchAction","target":{"@type":"EntryPoint","urlTemplate":"https:\/\/hub.ortopedie.md\/?s={search_term_string}"},"query-input":{"@type":"PropertyValueSpecification","valueRequired":true,"valueName":"search_term_string"}}],"inLanguage":"en-US"},{"@type":"Organization","@id":"https:\/\/hub.ortopedie.md\/#organization","name":"HUB ORTOPEDIE","url":"https:\/\/hub.ortopedie.md\/","logo":{"@type":"ImageObject","inLanguage":"en-US","@id":"https:\/\/hub.ortopedie.md\/#\/schema\/logo\/image\/","url":"https:\/\/hub.ortopedie.md\/wp-content\/uploads\/2018\/01\/hub-logo.png","contentUrl":"https:\/\/hub.ortopedie.md\/wp-content\/uploads\/2018\/01\/hub-logo.png","width":124,"height":90,"caption":"HUB ORTOPEDIE"},"image":{"@id":"https:\/\/hub.ortopedie.md\/#\/schema\/logo\/image\/"},"sameAs":["https:\/\/www.facebook.com\/ORTOPEDIE.MD\/","https:\/\/www.instagram.com\/hub_ortopedie\/"]}]},"product_price_amount":"84000.00","product_price_currency":"MDL","og_availability":"instock","product_availability":"instock","product_condition":"new"},"jetpack_sharing_enabled":true,"brands":[{"id":272,"name":"Akces Med","slug":"akces-med"}],"_links":{"self":[{"href":"https:\/\/hub.ortopedie.md\/en\/wp-json\/wp\/v2\/product\/14540","targetHints":{"allow":["GET"]}}],"collection":[{"href":"https:\/\/hub.ortopedie.md\/en\/wp-json\/wp\/v2\/product"}],"about":[{"href":"https:\/\/hub.ortopedie.md\/en\/wp-json\/wp\/v2\/types\/product"}],"wp:featuredmedia":[{"embeddable":true,"href":"https:\/\/hub.ortopedie.md\/en\/wp-json\/wp\/v2\/media\/6858"}],"wp:attachment":[{"href":"https:\/\/hub.ortopedie.md\/en\/wp-json\/wp\/v2\/media?parent=14540"}],"wp:term":[{"taxonomy":"pwb-brand","embeddable":true,"href":"https:\/\/hub.ortopedie.md\/en\/wp-json\/wp\/v2\/pwb-brand?post=14540"},{"taxonomy":"product_brand","embeddable":true,"href":"https:\/\/hub.ortopedie.md\/en\/wp-json\/wp\/v2\/product_brand?post=14540"},{"taxonomy":"product_cat","embeddable":true,"href":"https:\/\/hub.ortopedie.md\/en\/wp-json\/wp\/v2\/product_cat?post=14540"},{"taxonomy":"product_tag","embeddable":true,"href":"https:\/\/hub.ortopedie.md\/en\/wp-json\/wp\/v2\/product_tag?post=14540"}],"curies":[{"name":"wp","href":"https:\/\/api.w.org\/{rel}","templated":true}]}}